{"id":9178,"date":"2023-07-11T14:46:05","date_gmt":"2023-07-11T14:46:05","guid":{"rendered":"https:\/\/murad-ev.de\/tr\/?page_id=9178"},"modified":"2023-10-04T10:14:04","modified_gmt":"2023-10-04T10:14:04","slug":"projelerimiz","status":"publish","type":"page","link":"https:\/\/murad-ev.de\/tr\/projelerimiz\/","title":{"rendered":"Projeler"},"content":{"rendered":"\t\t<div data-elementor-type=\"wp-page\" data-elementor-id=\"9178\" class=\"elementor elementor-9178\" data-elementor-post-type=\"page\">\n\t\t\t\t\t\t\t\t\t<section class=\"elementor-section elementor-top-section elementor-element elementor-element-2d327897 elementor-section-stretched elementor-section-boxed elementor-section-height-default elementor-section-height-default\" data-id=\"2d327897\" data-element_type=\"section\" data-settings=\"{&quot;stretch_section&quot;:&quot;section-stretched&quot;,&quot;background_background&quot;:&quot;classic&quot;}\">\n\t\t\t\t\t\t<div class=\"elementor-container elementor-column-gap-default\">\n\t\t\t\t\t<div class=\"elementor-column elementor-col-100 elementor-top-column elementor-element elementor-element-6fd93c9d\" data-id=\"6fd93c9d\" data-element_type=\"column\">\n\t\t\t<div class=\"elementor-widget-wrap elementor-element-populated\">\n\t\t\t\t\t\t\t\t<div class=\"elementor-element elementor-element-42d23ae3 elementor-widget elementor-widget-heading\" data-id=\"42d23ae3\" data-element_type=\"widget\" data-widget_type=\"heading.default\">\n\t\t\t\t<div class=\"elementor-widget-container\">\n\t\t\t<h2 class=\"elementor-heading-title elementor-size-default\">Projeler<\/h2>\t\t<\/div>\n\t\t\t\t<\/div>\n\t\t\t\t\t<\/div>\n\t\t<\/div>\n\t\t\t\t\t\t\t<\/div>\n\t\t<\/section>\n\t\t\t\t<section class=\"elementor-section elementor-top-section elementor-element elementor-element-47333b72 elementor-section-stretched elementor-section-boxed elementor-section-height-default elementor-section-height-default\" data-id=\"47333b72\" data-element_type=\"section\" data-settings=\"{&quot;stretch_section&quot;:&quot;section-stretched&quot;}\">\n\t\t\t\t\t\t<div class=\"elementor-container elementor-column-gap-default\">\n\t\t\t\t\t<div class=\"elementor-column elementor-col-100 elementor-top-column elementor-element elementor-element-1ffdae77\" data-id=\"1ffdae77\" data-element_type=\"column\">\n\t\t\t<div class=\"elementor-widget-wrap elementor-element-populated\">\n\t\t\t\t\t\t\t\t<div class=\"elementor-element elementor-element-61115f0a acenter elementor-widget elementor-widget-wgl-give-forms\" data-id=\"61115f0a\" data-element_type=\"widget\" data-widget_type=\"wgl-give-forms.default\">\n\t\t\t\t<div class=\"elementor-widget-container\">\n\t\t\t<section class=\"wgl-donation\"><div class=\"wgl-donation__grid grid-col--3\"><article class=\"wgl-donation__card\"><div class=\"card__container\"><div class=\"card__media\"><a href=\"https:\/\/murad-ev.de\/tr\/donations\/egitim-bursu\/\"><img src='https:\/\/murad-ev.de\/tr\/wp-content\/uploads\/2020\/08\/egitim2-1-800x588.jpg' class='donation-img' srcset='https:\/\/murad-ev.de\/tr\/wp-content\/uploads\/2020\/08\/egitim2-1-540x588.jpg 435w,https:\/\/murad-ev.de\/tr\/wp-content\/uploads\/2020\/08\/egitim2-1-740x545.jpg 600w' sizes='(min-width: 600px) 600px, 435px' alt=''><\/a><\/div><div class=\"card__content\"><h4 class=\"card__title\"><a href=\"https:\/\/murad-ev.de\/tr\/donations\/egitim-bursu\/\">E\u011fitim Bursu<\/a><\/h4><p class=\"card__excerpt\">Her toplumun sosyal murad\u0131n\u0131n ba\u015f\u0131nda gelir iyi bir e\u011fitim. E\u011fitimli bir nesil ile ayd\u0131nl\u0131k bir gelece\u011fe katk\u0131 sa\u011flamak i\u00e7in, burs, ayni yard\u0131m ve ara\u00e7 gere\u00e7 kampanyalar\u0131yla kaliteli e\u011fitim ihtiyac\u0131n\u0131 kar\u015f\u0131lamaya arac\u0131 oluyoruz.<\/p><\/div><\/div><\/article><article class=\"wgl-donation__card\"><div class=\"card__container\"><div class=\"card__media\"><a href=\"https:\/\/murad-ev.de\/tr\/donations\/yetim-edinme\/\"><img src='https:\/\/murad-ev.de\/tr\/wp-content\/uploads\/2023\/07\/Yetim-Edinme2-800x588.jpg' class='donation-img' srcset='https:\/\/murad-ev.de\/tr\/wp-content\/uploads\/2023\/07\/Yetim-Edinme2-540x588.jpg 435w,https:\/\/murad-ev.de\/tr\/wp-content\/uploads\/2023\/07\/Yetim-Edinme2-740x545.jpg 600w' sizes='(min-width: 600px) 600px, 435px' alt=''><\/a><\/div><div class=\"card__content\"><h4 class=\"card__title\"><a href=\"https:\/\/murad-ev.de\/tr\/donations\/yetim-edinme\/\">Yetim Edinme<\/a><\/h4><p class=\"card__excerpt\">Mahzun bak\u0131\u015fl\u0131 bir yetimden daha anlaml\u0131 bakan bir \u00e7ift g\u00f6z yoktur. Bir yetim g\u00fclerse d\u00fcnya g\u00fcler. Anne-baba \u015fefkatinden, anne kokusundan mahrum kalm\u0131\u015f minik yavrulara kucak a\u00e7\u0131yor, sahip \u00e7\u0131k\u0131yoruz.<\/p><\/div><\/div><\/article><article class=\"wgl-donation__card\"><div class=\"card__container\"><div class=\"card__media\"><a href=\"https:\/\/murad-ev.de\/tr\/donations\/su-kuyusu\/\"><img src='https:\/\/murad-ev.de\/tr\/wp-content\/uploads\/2023\/07\/su-kuyusu-1-800x588.jpg' class='donation-img' srcset='https:\/\/murad-ev.de\/tr\/wp-content\/uploads\/2023\/07\/su-kuyusu-1-540x588.jpg 435w,https:\/\/murad-ev.de\/tr\/wp-content\/uploads\/2023\/07\/su-kuyusu-1-740x545.jpg 600w' sizes='(min-width: 600px) 600px, 435px' alt=''><\/a><\/div><div class=\"card__content\"><h4 class=\"card__title\"><a href=\"https:\/\/murad-ev.de\/tr\/donations\/su-kuyusu\/\">Su Kuyusu<\/a><\/h4><p class=\"card__excerpt\">Su, hayat\u0131n \u00f6z\u00fc. Insan\u0131n en temel ihtiyac\u0131. Temiz su \u00f6zellikle Afrika k\u0131tas\u0131nda onlarca y\u0131ldan beri b\u00fcy\u00fck bir s\u0131k\u0131nt\u0131n\u0131n ismi. Kurak topraklar\u0131n tam kalbine iniyor ve ihtiya\u00e7 sahipleri i\u00e7in temiz su kuyular\u0131 a\u00e7\u0131yoruz.<\/p><\/div><\/div><\/article><article class=\"wgl-donation__card\"><div class=\"card__container\"><div class=\"card__media\"><a href=\"https:\/\/murad-ev.de\/tr\/donations\/gida-paketi\/\"><img src='https:\/\/murad-ev.de\/tr\/wp-content\/uploads\/2023\/07\/gida-800x588.jpg' class='donation-img' srcset='https:\/\/murad-ev.de\/tr\/wp-content\/uploads\/2023\/07\/gida-540x588.jpg 435w,https:\/\/murad-ev.de\/tr\/wp-content\/uploads\/2023\/07\/gida-740x545.jpg 600w' sizes='(min-width: 600px) 600px, 435px' alt=''><\/a><\/div><div class=\"card__content\"><h4 class=\"card__title\"><a href=\"https:\/\/murad-ev.de\/tr\/donations\/gida-paketi\/\">G\u0131da Paketi<\/a><\/h4><p class=\"card__excerpt\">''Tok a\u00e7\u0131n halinden anlamaz\u201d diyenlere inat, \u201ckom\u015fusu a\u00e7ken\u201d tok yatmamay\u0131 ilke edinmi\u015f iyi kalpli insanlar\u0131n murad\u0131d\u0131r bir a\u00e7\u0131 doyurmak. Yoksul ve ihtiya\u00e7 sahiplerine ula\u015f\u0131p bir damla su, bir lokma yemek oluyoruz.<\/p><\/div><\/div><\/article><article class=\"wgl-donation__card\"><div class=\"card__container\"><div class=\"card__media\"><a href=\"https:\/\/murad-ev.de\/tr\/donations\/katarakt\/\"><img src='https:\/\/murad-ev.de\/tr\/wp-content\/uploads\/2023\/07\/kataraktt-800x588.jpg' class='donation-img' srcset='https:\/\/murad-ev.de\/tr\/wp-content\/uploads\/2023\/07\/kataraktt-540x588.jpg 435w,https:\/\/murad-ev.de\/tr\/wp-content\/uploads\/2023\/07\/kataraktt-740x545.jpg 600w' sizes='(min-width: 600px) 600px, 435px' alt=''><\/a><\/div><div class=\"card__content\"><h4 class=\"card__title\"><a href=\"https:\/\/murad-ev.de\/tr\/donations\/katarakt\/\">Katarakt<\/a><\/h4><p class=\"card__excerpt\">Afrika\u2019da milyonlarca insan, g\u00f6z merce\u011finin  bozulmas\u0131 nedeniyle karanl\u0131kta ya\u015f\u0131yor. Muradlar\u0131 ayd\u0131nl\u0131k bir d\u00fcnyay\u0131 g\u00f6rmek. Afrika k\u0131tas\u0131n\u0131n en \u00fccra noktas\u0131na kadar ula\u015f\u0131p katarakt te\u015fhis ve tedavisinde \u00f6nc\u00fc oluyoruz.<\/p><\/div><\/div><\/article><article class=\"wgl-donation__card\"><div class=\"card__container\"><div class=\"card__media\"><a href=\"https:\/\/murad-ev.de\/tr\/donations\/kalici-eserler\/\"><img src='https:\/\/murad-ev.de\/tr\/wp-content\/uploads\/2023\/07\/kalici-eserler-800x588.jpeg' class='donation-img' srcset='https:\/\/murad-ev.de\/tr\/wp-content\/uploads\/2023\/07\/kalici-eserler-540x588.jpeg 435w,https:\/\/murad-ev.de\/tr\/wp-content\/uploads\/2023\/07\/kalici-eserler-740x545.jpeg 600w' sizes='(min-width: 600px) 600px, 435px' alt=''><\/a><\/div><div class=\"card__content\"><h4 class=\"card__title\"><a href=\"https:\/\/murad-ev.de\/tr\/donations\/kalici-eserler\/\">Kal\u0131c\u0131 Eserler<\/a><\/h4><p class=\"card__excerpt\">Evsize ev, okulsuza okul, k\u00fct\u00fcphanesize k\u00fct\u00fcphane olmakt\u0131r murad\u0131m\u0131z. Farkl\u0131 co\u011frafyalardaki ihtiya\u00e7 sahiplerine kal\u0131c\u0131 eserler i\u00e7in de kollar\u0131 s\u0131vad\u0131k. Bu kal\u0131c\u0131 eserleri olu\u015ftururken bag\u0131s\u00e7\u0131lar\u0131m\u0131zla el ele vermekteyiz.<\/p><\/div><\/div><\/article><article class=\"wgl-donation__card\"><div class=\"card__container\"><div class=\"card__media\"><a href=\"https:\/\/murad-ev.de\/tr\/donations\/kis-yardimi\/\"><img src='https:\/\/murad-ev.de\/tr\/wp-content\/uploads\/2023\/07\/kis-yardimi-1-800x588.jpg' class='donation-img' srcset='https:\/\/murad-ev.de\/tr\/wp-content\/uploads\/2023\/07\/kis-yardimi-1-540x588.jpg 435w,https:\/\/murad-ev.de\/tr\/wp-content\/uploads\/2023\/07\/kis-yardimi-1-740x545.jpg 600w' sizes='(min-width: 600px) 600px, 435px' alt=''><\/a><\/div><div class=\"card__content\"><h4 class=\"card__title\"><a href=\"https:\/\/murad-ev.de\/tr\/donations\/kis-yardimi\/\">K\u0131\u015f Yard\u0131m\u0131<\/a><\/h4><p class=\"card__excerpt\">Yokluk en \u00e7ok imk\u00e2n\u0131 olmayanlar\u0131 \u00fc\u015f\u00fct\u00fcr. \u201c\u00dc\u015f\u00fcmesinler\u201d kampanyas\u0131 ile gerek normal gerekse afet zamanlar\u0131nda ihtiya\u00e7 sahiplerine k\u0131\u015fl\u0131k giyecek ve bar\u0131nma imk\u00e2n\u0131 saglamak i\u00e7in var g\u00fccm\u00fczle \u00e7al\u0131s\u0131yoruz.<\/p><\/div><\/div><\/article><article class=\"wgl-donation__card\"><div class=\"card__container\"><div class=\"card__media\"><a href=\"https:\/\/murad-ev.de\/tr\/donations\/ramazan\/\"><img src='https:\/\/murad-ev.de\/tr\/wp-content\/uploads\/2023\/07\/ramazan-800x588.jpg' class='donation-img' srcset='https:\/\/murad-ev.de\/tr\/wp-content\/uploads\/2023\/07\/ramazan-540x588.jpg 435w,https:\/\/murad-ev.de\/tr\/wp-content\/uploads\/2023\/07\/ramazan-740x545.jpg 600w' sizes='(min-width: 600px) 600px, 435px' alt=''><\/a><\/div><div class=\"card__content\"><h4 class=\"card__title\"><a href=\"https:\/\/murad-ev.de\/tr\/donations\/ramazan\/\">Ramazan<\/a><\/h4><p class=\"card__excerpt\">A\u00e7lar\u0131n halinden anlamak, olana \u015f\u00fckretmek ve nimetin k\u0131ymetini bilmek murad\u0131yla oru\u00e7 tutar b\u00fct\u00fcn inananlar. \u00d6zellikle kutsal ramazan ay\u0131nda ihtiya\u00e7 sahiplerinin iftar sofralar\u0131na konuk oluyor, onlar\u0131n sahur ve ramazan coskusunu payla\u015f\u0131yoruz.<\/p><\/div><\/div><\/article><article class=\"wgl-donation__card\"><div class=\"card__container\"><div class=\"card__media\"><a href=\"https:\/\/murad-ev.de\/tr\/donations\/kurban\/\"><img src='https:\/\/murad-ev.de\/tr\/wp-content\/uploads\/2023\/07\/kurban-1-800x588.jpg' class='donation-img' srcset='https:\/\/murad-ev.de\/tr\/wp-content\/uploads\/2023\/07\/kurban-1-540x588.jpg 435w,https:\/\/murad-ev.de\/tr\/wp-content\/uploads\/2023\/07\/kurban-1-740x545.jpg 600w' sizes='(min-width: 600px) 600px, 435px' alt=''><\/a><\/div><div class=\"card__content\"><h4 class=\"card__title\"><a href=\"https:\/\/murad-ev.de\/tr\/donations\/kurban\/\">Kurban<\/a><\/h4><p class=\"card__excerpt\">Ihtiya\u00e7 sahipleri her y\u0131l kurban d\u00f6neminin gelmesini sab\u0131rs\u0131zl\u0131kla beklerler. Murad derne\u011fi, kurdu\u011fu sistem ile  profesyonel \u015fekilde kurban ba\u011f\u0131\u015flar\u0131n\u0131 al\u0131yor, ihtiya\u00e7 sahiplerine ula\u015ft\u0131r\u0131yor, y\u00fczleri g\u00fcld\u00fcr\u00fcyor.<\/p><\/div><\/div><\/article><article class=\"wgl-donation__card\"><div class=\"card__container\"><div class=\"card__media\"><a href=\"https:\/\/murad-ev.de\/tr\/donations\/zekat\/\"><img src='https:\/\/murad-ev.de\/tr\/wp-content\/uploads\/2023\/07\/zakat-800x588.jpg' class='donation-img' srcset='https:\/\/murad-ev.de\/tr\/wp-content\/uploads\/2023\/07\/zakat-540x588.jpg 435w,https:\/\/murad-ev.de\/tr\/wp-content\/uploads\/2023\/07\/zakat-740x545.jpg 600w' sizes='(min-width: 600px) 600px, 435px' alt=''><\/a><\/div><div class=\"card__content\"><h4 class=\"card__title\"><a href=\"https:\/\/murad-ev.de\/tr\/donations\/zekat\/\">Zekat<\/a><\/h4><p class=\"card__excerpt\">Zekat sadece bir ibadet olarak de\u011fil, ayn\u0131 zamanda toplumsal adaletin ve dayan\u0131\u015fman\u0131n bir ifadesi olarak kabul edilir. Zekat, mal ve m\u00fclkiyetin adil bir \u015fekilde da\u011f\u0131t\u0131lmas\u0131n\u0131 ve ihtiya\u00e7 sahiplerine yard\u0131m edilmesini sa\u011flayan, dinen zenginlik \u00f6l\u00e7\u00fcs\u00fc kabul edilen miktarda mala sahip olan kimselerin...<\/p><\/div><\/div><\/article><article class=\"wgl-donation__card\"><div class=\"card__container\"><div class=\"card__media\"><a href=\"https:\/\/murad-ev.de\/tr\/donations\/sadaka\/\"><img src='https:\/\/murad-ev.de\/tr\/wp-content\/uploads\/2023\/07\/Sadaka-800x588.jpg' class='donation-img' srcset='https:\/\/murad-ev.de\/tr\/wp-content\/uploads\/2023\/07\/Sadaka-540x588.jpg 435w,https:\/\/murad-ev.de\/tr\/wp-content\/uploads\/2023\/07\/Sadaka-740x545.jpg 600w' sizes='(min-width: 600px) 600px, 435px' alt=''><\/a><\/div><div class=\"card__content\"><h4 class=\"card__title\"><a href=\"https:\/\/murad-ev.de\/tr\/donations\/sadaka\/\">Sadaka<\/a><\/h4><p class=\"card__excerpt\">''C\u00f6mert insan, \u00e7ok veren degil, verdiginde mutlu olan insand\u0131r.\u201d Yard\u0131m organizasyonumuz, zek\u00e2t, fitre gibi dini vecibelerin yan\u0131nda, sadaka k\u00fclt\u00fcr\u00fcn\u00fc de geni\u015fletip, iyilik yapma duygusunu b\u00fct\u00fcn insanl\u0131ga yayabilmek i\u00e7in faaliyet g\u00f6stermektedir.<\/p><\/div><\/div><\/article><article class=\"wgl-donation__card\"><div class=\"card__container\"><div class=\"card__media\"><a href=\"https:\/\/murad-ev.de\/tr\/donations\/kirtasiye\/\"><img src='https:\/\/murad-ev.de\/tr\/wp-content\/uploads\/2023\/07\/Kirtasiye-Yardim-800x588.jpg' class='donation-img' srcset='https:\/\/murad-ev.de\/tr\/wp-content\/uploads\/2023\/07\/Kirtasiye-Yardim-540x588.jpg 435w,https:\/\/murad-ev.de\/tr\/wp-content\/uploads\/2023\/07\/Kirtasiye-Yardim-740x545.jpg 600w' sizes='(min-width: 600px) 600px, 435px' alt=''><\/a><\/div><div class=\"card__content\"><h4 class=\"card__title\"><a href=\"https:\/\/murad-ev.de\/tr\/donations\/kirtasiye\/\">K\u0131rtasiye<\/a><\/h4><p class=\"card__excerpt\">\u201cBir \u00e7ocuk sevinirse d\u00fcnya g\u00fczelle\u015fir\u201d slogan\u0131n\u0131 temel prensip edinen Murad Derne\u011fi ba\u015fta yetim \u00e7ocuklar olmak \u00fczere, imkanlar\u0131 olmayan t\u00fcm \u00e7ocuklara k\u0131rtasiye yard\u0131m\u0131 yapmak i\u00e7in de \u00e7abal\u0131yor. Okul \u00e7antas\u0131, okul \u00fcniformas\u0131, ders ara\u00e7 ve gere\u00e7leri konusunda titizlikle ara\u015ft\u0131rma yap\u0131p, oraya...<\/p><\/div><\/div><\/article><\/div><\/section>\t\t<\/div>\n\t\t\t\t<\/div>\n\t\t\t\t\t<\/div>\n\t\t<\/div>\n\t\t\t\t\t\t\t<\/div>\n\t\t<\/section>\n\t\t\t\t\t\t\t<\/div>\n\t\t","protected":false},"excerpt":{"rendered":"<p>Projeler E\u011fitim Bursu Her toplumun sosyal murad\u0131n\u0131n ba\u015f\u0131nda gelir iyi bir e\u011fitim. E\u011fitimli bir nesil ile ayd\u0131nl\u0131k bir gelece\u011fe katk\u0131 sa\u011flamak i\u00e7in, burs, ayni yard\u0131m ve ara\u00e7 gere\u00e7 kampanyalar\u0131yla kaliteli e\u011fitim ihtiyac\u0131n\u0131 kar\u015f\u0131lamaya arac\u0131 oluyoruz. Yetim Edinme Mahzun bak\u0131\u015fl\u0131 bir yetimden daha anlaml\u0131 bakan bir \u00e7ift g\u00f6z yoktur. Bir yetim g\u00fclerse d\u00fcnya g\u00fcler. Anne-baba \u015fefkatinden, [&hellip;]<\/p>\n","protected":false},"author":1,"featured_media":0,"parent":0,"menu_order":0,"comment_status":"closed","ping_status":"closed","template":"","meta":{"footnotes":""},"_links":{"self":[{"href":"https:\/\/murad-ev.de\/tr\/wp-json\/wp\/v2\/pages\/9178"}],"collection":[{"href":"https:\/\/murad-ev.de\/tr\/wp-json\/wp\/v2\/pages"}],"about":[{"href":"https:\/\/murad-ev.de\/tr\/wp-json\/wp\/v2\/types\/page"}],"author":[{"embeddable":true,"href":"https:\/\/murad-ev.de\/tr\/wp-json\/wp\/v2\/users\/1"}],"replies":[{"embeddable":true,"href":"https:\/\/murad-ev.de\/tr\/wp-json\/wp\/v2\/comments?post=9178"}],"version-history":[{"count":31,"href":"https:\/\/murad-ev.de\/tr\/wp-json\/wp\/v2\/pages\/9178\/revisions"}],"predecessor-version":[{"id":10133,"href":"https:\/\/murad-ev.de\/tr\/wp-json\/wp\/v2\/pages\/9178\/revisions\/10133"}],"wp:attachment":[{"href":"https:\/\/murad-ev.de\/tr\/wp-json\/wp\/v2\/media?parent=9178"}],"curies":[{"name":"wp","href":"https:\/\/api.w.org\/{rel}","templated":true}]}}